{"id":14,"date":"2015-04-02T09:10:13","date_gmt":"2015-04-02T09:10:13","guid":{"rendered":"http:\/\/dev.joomexp.com\/wordpress\/wp-kindergarten\/?page_id=14"},"modified":"2026-01-06T16:30:01","modified_gmt":"2026-01-06T15:30:01","slug":"home","status":"publish","type":"page","link":"https:\/\/kichererbsen-kita.de\/","title":{"rendered":"Home"},"content":{"rendered":"<p>[vc_row full_width=&#8221;stretch_row_content_no_spaces&#8221;][vc_column offset=&#8221;vc_hidden-lg vc_hidden-md vc_hidden-sm vc_hidden-xs&#8221;][rev_slider_vc alias=&#8221;KiE-1&#8243;][\/vc_column][\/vc_row][vc_row full_width=&#8221;stretch_row&#8221; row_color=&#8221;#ffffff&#8221; bg_style=&#8221;bg-effect-lg&#8221; css=&#8221;.vc_custom_1692947895715{padding-top: 20px !important;padding-bottom: 55px !important;background: #ffffff url(http:\/\/dev.joomexp.com\/wordpress\/wp-kindergarten\/wp-content\/uploads\/2015\/04\/bg-vector.png?id=30) !important;background-position: center !important;background-repeat: no-repeat !important;background-size: cover !important;}&#8221;][vc_column][vc_column_text el_class=&#8221;color-white&#8221; css=&#8221;.vc_custom_1767712895477{background-position: center !important;background-repeat: no-repeat !important;background-size: cover !important;}&#8221;]<\/p>\n<h5 style=\"text-align: center;\"><span style=\"color: #99cc00;\">Willkommen bei den<\/span><\/h5>\n<p><img loading=\"lazy\" decoding=\"async\" class=\"wp-image-3297 aligncenter\" src=\"https:\/\/kichererbsen-kita.de\/wp-content\/uploads\/2026\/01\/Logo-300x295.jpg\" alt=\"\" width=\"170\" height=\"167\" srcset=\"https:\/\/kichererbsen-kita.de\/wp-content\/uploads\/2026\/01\/Logo-300x295.jpg 300w, https:\/\/kichererbsen-kita.de\/wp-content\/uploads\/2026\/01\/Logo-768x756.jpg 768w, https:\/\/kichererbsen-kita.de\/wp-content\/uploads\/2026\/01\/Logo-50x50.jpg 50w, https:\/\/kichererbsen-kita.de\/wp-content\/uploads\/2026\/01\/Logo-624x615.jpg 624w, https:\/\/kichererbsen-kita.de\/wp-content\/uploads\/2026\/01\/Logo-600x591.jpg 600w, https:\/\/kichererbsen-kita.de\/wp-content\/uploads\/2026\/01\/Logo.jpg 795w\" sizes=\"auto, (max-width: 170px) 100vw, 170px\" \/>[\/vc_column_text][\/vc_column][\/vc_row][vc_row css=&#8221;.vc_custom_1668461436724{padding-top: 45px !important;padding-bottom: 60px !important;}&#8221;][vc_column width=&#8221;1\/3&#8243; css=&#8221;.vc_custom_1430904198118{padding-right: 30px !important;padding-left: 30px !important;}&#8221;][cms_fancybox content_align=&#8221;center&#8221; title1=&#8221;Unser Konzept&#8221; button_link1=&#8221;#UnserKonzept&#8221; button_type=&#8221;text&#8221; button_text=&#8221;Mehr &gt;&#8221; cms_fancybox_boder_color=&#8221;#0f9fbc&#8221; cms_fancybox_bg_color=&#8221;#34bfdb&#8221; text_more_info=&#8221;yes&#8221; cms_cols=&#8221;1 Column&#8221; button_link2=&#8221;#&#8221; button_link3=&#8221;#&#8221; button_link4=&#8221;#&#8221; button_link6=&#8221;#&#8221; description1=&#8221;Im Mittelpunkt unseres Konzeptes steht das Kind als sich eigenst\u00e4ndig entwickelnde Pers\u00f6nlichkeit. Die Kinder werden bei uns mit ihren Bed\u00fcrfnissen, Gef\u00fchlen und Gedanken ernst genommen.&#8221; cms_template=&#8221;cms_fancybox.php&#8221; image1=&#8221;3074&#8243; text_more_info_color_hover=&#8221;#34bfdb&#8221;][\/vc_column][vc_column width=&#8221;1\/3&#8243;][cms_fancybox content_align=&#8221;center&#8221; title1=&#8221;Unser Alltag&#8221; button_link1=&#8221;#UnserAlltag&#8221; button_type=&#8221;text&#8221; button_text=&#8221;Mehr &gt;&#8221; cms_fancybox_boder_color=&#8221;#ba2b6f&#8221; cms_fancybox_bg_color=&#8221;#da5192&#8243; text_more_info=&#8221;yes&#8221; cms_cols=&#8221;1 Column&#8221; button_link2=&#8221;#&#8221; button_link3=&#8221;#&#8221; button_link4=&#8221;#&#8221; button_link6=&#8221;#&#8221; description1=&#8221;Die Kindergartenzeit ist gepr\u00e4gt von Ritualen und Festen, die den Kindern Sicherheit und Routine geben. Im freien Spiel gibt es viele Gelegenheiten, Phantasie und Kreativit\u00e4t zu entdecken und zu f\u00f6rdern.&#8221; cms_template=&#8221;cms_fancybox.php&#8221; text_more_info_color_hover=&#8221;#da5192&#8243; image1=&#8221;3077&#8243;][\/vc_column][vc_column width=&#8221;1\/3&#8243;][cms_fancybox content_align=&#8221;center&#8221; title1=&#8221;Unser Team&#8221; button_link1=&#8221;#UnserTeam&#8221; button_type=&#8221;text&#8221; button_text=&#8221;Mehr &gt;&#8221; cms_fancybox_boder_color=&#8221;#c05631&#8243; cms_fancybox_bg_color=&#8221;#ea8360&#8243; text_more_info=&#8221;yes&#8221; cms_cols=&#8221;1 Column&#8221; button_link2=&#8221;#&#8221; button_link3=&#8221;#&#8221; button_link4=&#8221;#&#8221; button_link6=&#8221;#&#8221; cms_template=&#8221;cms_fancybox.php&#8221; image1=&#8221;3076&#8243; text_more_info_color_hover=&#8221;#ea8360&#8243; description1=&#8221;Unser Team besteht aus f\u00fcnf Fachkr\u00e4ften und zwei K\u00f6chinnen. Au\u00dferdem freuen wir uns \u00fcber alle Auszubildenden, Praktikanten und Praktikantinnen die im Laufe ihrer Ausbildung Station bei uns machen und uns tatkr\u00e4ftig unterst\u00fctzen.&#8221;][\/vc_column][\/vc_row][vc_row css=&#8221;.vc_custom_1668467014932{padding-top: 60px !important;padding-bottom: 40px !important;}&#8221; el_id=&#8221;UnserKonzept&#8221;][vc_column][cms_heading title=&#8221;Unser Konzept&#8221; title_color=&#8221;#004aad&#8221; title_font_size=&#8221;62px&#8221; title_align=&#8221;center&#8221; line_color=&#8221;#00c2cb&#8221;][\/vc_column][\/vc_row][vc_row row_head_color=&#8221;#575656&#8243; css=&#8221;.vc_custom_1668462754119{padding-bottom: 60px !important;}&#8221;][vc_column width=&#8221;1\/2&#8243; text_align=&#8221;center&#8221; offset=&#8221;vc_col-lg-6 vc_col-md-6 vc_col-xs-12&#8243;][vc_column_text]In unserer Einrichtung arbeiten wir nach dem situationsorientierten Ansatz. Daher steht f\u00fcr uns das Kind mit seinen individuellen Bed\u00fcrfnissen, Erfahrungen und Fragen im Mittelpunkt. Die Lebenswelt der Kinder ist entscheidend f\u00fcr ihre Entwicklung. Sie sind gepr\u00e4gt von ihren t\u00e4glichen Erlebnissen aus ihrem famili\u00e4ren, kulturellen und sozialen Umfeld. Daher greifen wir diese im p\u00e4dagogischen Alltag auf und entwickeln daraus gemeinsame Projekte, Angebote und Lerngelegenheiten. So lassen wir Lernsituationen entstehen, die f\u00fcr die Kinder pers\u00f6nlich bedeutsam sind und geben ihnen die M\u00f6glichkeit, ihre Umwelt aktiv zu verstehen und mitzugestalten.<\/p>\n<p>Die Gruppengr\u00f6\u00dfe von 21 Kindern erm\u00f6glicht es in einer famili\u00e4ren Atmosph\u00e4re, Lern- und Erfahrungsr\u00e4ume zu schaffen und dem eigenen Lernbed\u00fcrfnis zu folgen. Wir begleiten die Kinder, beobachten ihre Entwicklungsschritte und halten diese in den Portfolios sowie der Bildungsdokumentation fest. Wir sehen unsere Aufgabe insbesondere darin die Kinder in ihrer Selbstst\u00e4ndigkeit und Selbstwirksamkeit zu st\u00e4rken, soziale Kompetenzen im respektvollen Umgang mit anderen zu vermitteln sowie eine positive Grundhaltung zu entwickeln.<\/p>\n<p>Im Mittelpunkt unserer p\u00e4dagogischen Arbeit steht das Kind mit seiner einzigartigen Pers\u00f6nlichkeit. Wir m\u00f6chten jedem Kind einen Ort schenken, an dem es sich geborgen, angenommen und wertgesch\u00e4tzt f\u00fchlt. Unsere Kita ist ein Raum voller W\u00e4rme und Zuwendung, in dem Kinder ihre St\u00e4rken entdecken, Selbstvertrauen entwickeln und neue F\u00e4higkeiten ausprobieren d\u00fcrfen. Eine Methode der F\u00f6rderung ist, bestimmte Annahmen wie z.B. &#8220;Das kann ich nicht&#8221; durch &#8220;Das kann ich NOCH nicht, aber ich probiere es aus&#8221; zu ersetzen.<\/p>\n<p>Als p\u00e4dagogisches Team belgeiten wir die Kinder achtsam, unterst\u00fctzen sie in ihrem individuellen Tempo und schaffen Lern- und Lebensr\u00e4ume die ihnen erm\u00f6glichen, neugierig, mutig und selbstbewusst ihren eigenen Weg zu gehen.<\/p>\n<p>Daher ist unser Motto<strong><em>: \u201eIn Geborgenheit wachsen, Selbstvertrauen entwickeln, St\u00e4rken entdecken. Hier darf jedes Kind so sein, wie es ist- und \u00fcber sich hinauswachsen.\u201c<\/em><\/strong>[\/vc_column_text][\/vc_column][vc_column width=&#8221;1\/2&#8243;][vc_single_image image=&#8221;2999&#8243; img_size=&#8221;full&#8221; alignment=&#8221;center&#8221;][\/vc_column][\/vc_row][vc_row row_head_color=&#8221;#575656&#8243; css=&#8221;.vc_custom_1668462784239{padding-bottom: 60px !important;}&#8221;][vc_column width=&#8221;1\/2&#8243;][vc_column_text]<strong>Im Alltag bieten wir den Kindern:<\/strong><br \/>\n\u2022 musikalische Fr\u00fcherziehung<br \/>\n\u2022 Vorschulgruppe<br \/>\n\u2022 Turnen im Bewegungsraum<br \/>\n\u2022 Sprachf\u00f6rderung<br \/>\n\u2022 individuelle Projekte in Kleingruppen[\/vc_column_text][\/vc_column][vc_column width=&#8221;1\/2&#8243;][vc_column_text]<strong>Im Rahmen der Vorschulgruppe bieten wir:<\/strong><br \/>\n\u2022 w\u00f6chentliche Treffen in den unteren R\u00e4umlichkeiten zur Erarbeitung eines Themas<br \/>\n\u2022 Ausfl\u00fcge, u.a. zur Feuerwehr, Museen, Imker u.v.m.<br \/>\n\u2022 Verkehrserziehung<br \/>\n\u2022 Vorbereitung auf die Schule<br \/>\n\u2022 Die Gestaltung des Abschlussfests f\u00fcr die Vorschulkinder[\/vc_column_text][\/vc_column][\/vc_row][vc_row row_head_color=&#8221;#575656&#8243; css=&#8221;.vc_custom_1668462784239{padding-bottom: 60px !important;}&#8221;][vc_column][\/vc_column][\/vc_row][vc_row row_head_color=&#8221;#575656&#8243; css=&#8221;.vc_custom_1668462323810{padding-top: 60px !important;padding-bottom: 40px !important;}&#8221; el_id=&#8221;UnserAlltag&#8221;][vc_column text_align=&#8221;center&#8221;][cms_heading title=&#8221;Unser Alltag&#8221; title_font_size=&#8221;62px&#8221; title_align=&#8221;center&#8221; line_color=&#8221;#6f4793&#8243;][\/vc_column][\/vc_row][vc_row row_head_color=&#8221;#575656&#8243; css=&#8221;.vc_custom_1668462784239{padding-bottom: 60px !important;}&#8221;][vc_column width=&#8221;1\/2&#8243; list_style=&#8221;list-style-check&#8221; font_color=&#8221;#6f4792&#8243;][vc_gallery interval=&#8221;3&#8243; images=&#8221;3215,3051,3216,3218,3219,3217,3124,3122,3123,3048,3299,3300,3301,3302&#8243;][\/vc_column][vc_column width=&#8221;1\/2&#8243;][vc_column_text]<strong>Ein Tag bei den Kichererbsen\u2026<\/strong><\/p>\n<p>\u2026 beginnt ruhig und pers\u00f6nlich. In der Bringzeit von 7.00 Uhr bis 9.00 Uhr kommen die Kinder in ihrem eigenen Tempo an. Am Morgen stellen wir den Kindern ein Fr\u00fchst\u00fcck bereit. Es gibt immer frisches Obst und Gem\u00fcse, montags ist bei uns M\u00fcsli-Tag. An den \u00fcbrigen Tagen bieten wir verschiedenes Brot mit diversem Aufschnitt an. Das Fr\u00fchst\u00fcck ist f\u00fcr uns nicht nur eine Mahlzeit, sondern auch ein wichtiger Moment f\u00fcr Gemeinschaft, Gespr\u00e4che und f\u00f6rdern der Selbstst\u00e4ndigkeit.<\/p>\n<p>Um 9.00 Uhr treffen wir uns im Morgenkreis. Hier begr\u00fc\u00dfen wir uns gemeinsam, besprechen den Tag und schauen, was ansteht. Welche Aktionen oder Projekte gibt es? Gehen wir raus in die Natur? Gibt es besondere Ideen oder W\u00fcnsche der Kinder? Der Morgenkreis gibt den Kindern Orientierung und schafft einen verbindenden Start in den Tag.<\/p>\n<p>Im weiteren Verlauf des Vormittags haben die Kinder viel Raum f\u00fcr Freispiel, kreative Angebote, Bewegung, drinnen wie drau\u00dfen, sowie Projektbezogenes Arbeiten.\u00a0 Dabei arbeiten wir stets situationsorientiert und greifen die Themen auf, die die Kinder gerade besch\u00e4ftigen.<\/p>\n<p>Um 12.30 Uhr gibt es Mittagessen, das t\u00e4glich frisch von unseren K\u00f6chinnen zubereitet wird. Auch hier legen wir Wert auf eine ruhige Atmosph\u00e4re, gemeinsames Essen und Zeit f\u00fcreinander.<\/p>\n<p>Nach dem Z\u00e4hneputzen gibt es um 13.30 Uhr f\u00fcr die Kinder einen Lesekreis. Dieser \u00dcbergang begleitet die Kinder in den Nachmittagsbereich und l\u00e4sst sie nochmal etwas zur Ruhe kommen. Anschlie\u00dfend in der Abholphase zwischen 14.00 \u2013 16.00 Uhr klingt der Tag entspannt aus, mit Freispiel, Gespr\u00e4chen und individuellen Aktivit\u00e4ten.<\/p>\n<p>Bei den Kichererbsen erleben die Kinder einen strukturierten und zugleich flexiblen Alltag, in dem sie sich sicher f\u00fchlen, mitbestimmen d\u00fcrfen und als Pers\u00f6nlichkeiten wahrgenommen werden.[\/vc_column_text][\/vc_column][\/vc_row][vc_row row_head_color=&#8221;#575656&#8243; css=&#8221;.vc_custom_1668462784239{padding-bottom: 60px !important;}&#8221;][vc_column][vc_column_text][\/vc_column_text][\/vc_column][\/vc_row][vc_row full_width=&#8221;stretch_row&#8221; parallax=&#8221;content-moving&#8221; parallax_image=&#8221;2407&#8243; parallax_speed_bg=&#8221;2&#8243; el_class=&#8221;row-overlay&#8221; row_head_color=&#8221;#ffffff&#8221; row_link_color=&#8221;#ffffff&#8221; row_link_color_hover=&#8221;#6f4792&#8243; bg_style=&#8221;img_fixed&#8221; overlay_row=&#8221;yes&#8221; css=&#8221;.vc_custom_1668461503620{padding-top: 60px !important;padding-bottom: 40px !important;background-color: rgba(59,188,214,0.9) !important;background-position: 0 0;background-repeat:-repeat !important;*background-color: rgb(59,188,214) !important;}&#8221; overlay_color=&#8221;#3bbcd6&#8243; overlay_opacity=&#8221;0.9&#8243; el_id=&#8221;UnserTeam&#8221;][vc_column][cms_heading title=&#8221;Unser Team&#8221; title_color=&#8221;#ffffff&#8221; title_font_size=&#8221;62px&#8221; title_align=&#8221;center&#8221; line_color=&#8221;#ffffff&#8221;][\/vc_column][\/vc_row][vc_row full_width=&#8221;stretch_row&#8221; parallax=&#8221;content-moving&#8221; parallax_image=&#8221;2407&#8243; parallax_speed_bg=&#8221;2&#8243; el_class=&#8221;row-overlay&#8221; row_head_color=&#8221;#ffffff&#8221; row_link_color=&#8221;#ffffff&#8221; row_link_color_hover=&#8221;#6f4792&#8243; bg_style=&#8221;img_fixed&#8221; overlay_row=&#8221;yes&#8221; css=&#8221;.vc_custom_1668461511822{padding-bottom: 60px !important;background-color: rgba(59,188,214,0.9) !important;*background-color: rgb(59,188,214) !important;}&#8221; overlay_color=&#8221;#3bbcd6&#8243; overlay_opacity=&#8221;0.9&#8243;][vc_column][cms_carousel xsmall_items=&#8221;1&#8243; small_items=&#8221;2&#8243; medium_items=&#8221;3&#8243; large_items=&#8221;5&#8243; margin=&#8221;30&#8243; nav=&#8221;false&#8221; dots=&#8221;false&#8221; autoplay=&#8221;false&#8221; title_color=&#8221;#ffffff&#8221; category_color=&#8221;#ffffff&#8221; left_arrow=&#8221;fa fa-angle-left&#8221; right_arrow=&#8221;fa fa-angle-right&#8221; source=&#8221;size:all|order_by:date|post_type:team&#8221; cms_template=&#8221;cms_carousel&#8211;layout-team-1.php&#8221;][\/vc_column][\/vc_row][vc_row content_placement=&#8221;top&#8221; el_id=&#8221;Kontakt&#8221; css=&#8221;.vc_custom_1668461521203{padding-top: 60px !important;padding-bottom: 40px !important;}&#8221;][vc_column][cms_heading title=&#8221;Kontakt&#8221; title_color=&#8221;#004aad&#8221; title_font_size=&#8221;62px&#8221; title_align=&#8221;center&#8221; line_color=&#8221;#004aad&#8221;][\/vc_column][\/vc_row][vc_row row_head_color=&#8221;#575656&#8243; css=&#8221;.vc_custom_1668461530860{padding-bottom: 60px !important;background-image: url(http:\/\/dev.joomexp.com\/wordpress\/wp-kindergarten\/wp-content\/uploads\/2015\/04\/bg-row-contact.jpg?id=276) !important;background-position: center !important;background-repeat: no-repeat !important;background-size: cover !important;}&#8221;][vc_column width=&#8221;1\/2&#8243;][vc_gmaps link=&#8221;#E-8_JTNDaWZyYW1lJTIwc3JjJTNEJTIyaHR0cHMlM0ElMkYlMkZ3d3cuZ29vZ2xlLmNvbSUyRm1hcHMlMkZlbWJlZCUzRnBiJTNEJTIxMW0xOCUyMTFtMTIlMjExbTMlMjExZDk5NTUuMjU1MTgzNzYyMTA5JTIxMmQ2Ljg2MzA0NDM2NzkxNzkzMiUyMTNkNTEuNDA2NDc1OTc5NjE4NjYlMjEybTMlMjExZjAlMjEyZjAlMjEzZjAlMjEzbTIlMjExaTEwMjQlMjEyaTc2OCUyMTRmMTMuMSUyMTNtMyUyMTFtMiUyMTFzMHg0N2I4YzEzN2JiMzAyZTM3JTI1M0EweDU2MGRkNTNlMjM5YTk3NDAlMjEyc0tpbmRlcnRhZ2Vzc3QlMjVDMyUyNUE0dHRlJTI1MjBLaWNoZXJlcmJzZW4lMjE1ZTAlMjEzbTIlMjExc2RlJTIxMnNkZSUyMTR2MTY2ODQ1ODcxNzc2MiUyMTVtMiUyMTFzZGUlMjEyc2RlJTIyJTIwd2lkdGglM0QlMjI2MDAlMjIlMjBoZWlnaHQlM0QlMjI0NTAlMjIlMjBzdHlsZSUzRCUyMmJvcmRlciUzQTAlM0IlMjIlMjBhbGxvd2Z1bGxzY3JlZW4lM0QlMjIlMjIlMjBsb2FkaW5nJTNEJTIybGF6eSUyMiUyMHJlZmVycmVycG9saWN5JTNEJTIybm8tcmVmZXJyZXItd2hlbi1kb3duZ3JhZGUlMjIlM0UlM0MlMkZpZnJhbWUlM0U=&#8221; size=&#8221;450&#8243;][\/vc_column][vc_column width=&#8221;1\/2&#8243;][cms_heading title=&#8221;Kindergarten Kichererbsen&#8221; title_color=&#8221;#6f4792&#8243; line_color=&#8221;#2fb9d3&#8243; line_width=&#8221;192px&#8221;][vc_empty_space height=&#8221;36px&#8221;][cms_fancybox icon1=&#8221;fas fa-home&#8221; title1=&#8221;D\u00fcsseldorfer Str. 102\/104, 45481 M\u00fclheim an der Ruhr&#8221; button_link1=&#8221;&#8221; cms_title_size=&#8221;h6&#8243; cms_fancybox_boder_color=&#8221;#ba2b6f&#8221; cms_fancybox_bg_color=&#8221;#da5192&#8243; cms_cols=&#8221;1 Column&#8221; button_link2=&#8221;#&#8221; button_link3=&#8221;#&#8221; button_link4=&#8221;#&#8221; button_link6=&#8221;#&#8221; cms_template=&#8221;cms_fancybox&#8211;layout-3.php&#8221;][cms_fancybox icon1=&#8221;fas fa-phone-alt&#8221; title1=&#8221;0208 483310&#8243; button_link1=&#8221;tel:+49 208 483310&#8243; cms_title_size=&#8221;h6&#8243; cms_fancybox_boder_color=&#8221;#ba2b6f&#8221; cms_fancybox_bg_color=&#8221;#da5192&#8243; cms_cols=&#8221;1 Column&#8221; button_link2=&#8221;#&#8221; button_link3=&#8221;#&#8221; button_link4=&#8221;#&#8221; button_link6=&#8221;#&#8221; cms_template=&#8221;cms_fancybox&#8211;layout-3.php&#8221;][cms_fancybox icon1=&#8221;fas fa-envelope&#8221; title1=&#8221;kita-kichererbsen@t-online.de&#8221; button_link1=&#8221;mailto:kita-kichererbsen@t-online.de&#8221; button_type=&#8221;text&#8221; cms_title_size=&#8221;h6&#8243; cms_fancybox_boder_color=&#8221;#ba2b6f&#8221; cms_fancybox_bg_color=&#8221;#da5192&#8243; cms_cols=&#8221;1 Column&#8221; button_link2=&#8221;#&#8221; button_link3=&#8221;#&#8221; button_link4=&#8221;#&#8221; button_link6=&#8221;#&#8221; cms_template=&#8221;cms_fancybox&#8211;layout-3.php&#8221;][cms_fancybox icon1=&#8221;fas fa-globe&#8221; title1=&#8221;www.kichererbsen-kita.de&#8221; button_link1=&#8221;www.kichererbsen-kita.de&#8221; cms_title_size=&#8221;h6&#8243; cms_fancybox_boder_color=&#8221;#ba2b6f&#8221; cms_fancybox_bg_color=&#8221;#da5192&#8243; cms_cols=&#8221;1 Column&#8221; button_link2=&#8221;#&#8221; button_link3=&#8221;#&#8221; button_link4=&#8221;#&#8221; button_link6=&#8221;#&#8221; cms_template=&#8221;cms_fancybox&#8211;layout-3.php&#8221;][\/vc_column][\/vc_row][vc_row][vc_column][vc_separator][vc_empty_space][vc_column_text]<\/p>\n<p style=\"text-align: center;\"><a href=\"https:\/\/kichererbsen-kita.de\/?page_id=2699\">Impressum<\/a><\/p>\n<p style=\"text-align: center;\">\u00a9 2022<\/p>\n<p>[\/vc_column_text][vc_empty_space][\/vc_column][\/vc_row]<\/p>\n","protected":false},"excerpt":{"rendered":"<p>[vc_row full_width=&#8221;stretch_row_content_no_spaces&#8221;][vc_column offset=&#8221;vc_hidden-lg vc_hidden-md vc_hidden-sm vc_hidden-xs&#8221;][rev_slider_vc alias=&#8221;KiE-1&#8243;][\/vc_column][\/vc_row][vc_row full_width=&#8221;stretch_row&#8221; row_color=&#8221;#ffffff&#8221; bg_style=&#8221;bg-effect-lg&#8221; css=&#8221;.vc_custom_1692947895715{padding-top: 20px !important;padding-bottom: 55px !important;background: #ffffff url(http:\/\/dev.joomexp.com\/wordpress\/wp-kindergarten\/wp-content\/uploads\/2015\/04\/bg-vector.png?id=30) !important;background-position: center !important;background-repeat: no-repeat !important;background-size: cover !important;}&#8221;][vc_column][vc_column_text el_class=&#8221;color-white&#8221; css=&#8221;.vc_custom_1767712895477{background-position: center !important;background-repeat: no-repeat !important;background-size: cover !important;}&#8221;] Willkommen bei den [\/vc_column_text][\/vc_column][\/vc_row][vc_row css=&#8221;.vc_custom_1668461436724{padding-top: 45px !important;padding-bottom: 60px !important;}&#8221;][vc_column width=&#8221;1\/3&#8243; css=&#8221;.vc_custom_1430904198118{padding-right: 30px !important;padding-left: 30px !important;}&#8221;][cms_fancybox content_align=&#8221;center&#8221; title1=&#8221;Unser Konzept&#8221; button_link1=&#8221;#UnserKonzept&#8221; button_type=&#8221;text&#8221; button_text=&#8221;Mehr &gt;&#8221; cms_fancybox_boder_color=&#8221;#0f9fbc&#8221; [&hellip;]<\/p>\n","protected":false},"author":1,"featured_media":0,"parent":0,"menu_order":0,"comment_status":"closed","ping_status":"closed","template":"","meta":{"inline_featured_image":false,"footnotes":""},"class_list":["post-14","page","type-page","status-publish","hentry"],"_links":{"self":[{"href":"https:\/\/kichererbsen-kita.de\/index.php?rest_route=\/wp\/v2\/pages\/14","targetHints":{"allow":["GET"]}}],"collection":[{"href":"https:\/\/kichererbsen-kita.de\/index.php?rest_route=\/wp\/v2\/pages"}],"about":[{"href":"https:\/\/kichererbsen-kita.de\/index.php?rest_route=\/wp\/v2\/types\/page"}],"author":[{"embeddable":true,"href":"https:\/\/kichererbsen-kita.de\/index.php?rest_route=\/wp\/v2\/users\/1"}],"replies":[{"embeddable":true,"href":"https:\/\/kichererbsen-kita.de\/index.php?rest_route=%2Fwp%2Fv2%2Fcomments&post=14"}],"version-history":[{"count":122,"href":"https:\/\/kichererbsen-kita.de\/index.php?rest_route=\/wp\/v2\/pages\/14\/revisions"}],"predecessor-version":[{"id":3270,"href":"https:\/\/kichererbsen-kita.de\/index.php?rest_route=\/wp\/v2\/pages\/14\/revisions\/3270"}],"wp:attachment":[{"href":"https:\/\/kichererbsen-kita.de\/index.php?rest_route=%2Fwp%2Fv2%2Fmedia&parent=14"}],"curies":[{"name":"wp","href":"https:\/\/api.w.org\/{rel}","templated":true}]}}